{"id":199,"date":"2025-08-05T12:46:52","date_gmt":"2025-08-05T10:46:52","guid":{"rendered":"https:\/\/events.xn--salvia-gebudetechnik-kzb.de\/?page_id=199"},"modified":"2025-11-04T16:44:06","modified_gmt":"2025-11-04T15:44:06","slug":"semicon-2025-2","status":"publish","type":"page","link":"https:\/\/events.xn--salvia-gebudetechnik-kzb.de\/en\/","title":{"rendered":"Semicon 2025"},"content":{"rendered":"<div class=\"wp-block-group alignfull has-background has-global-padding is-layout-constrained wp-container-core-group-is-layout-d89aad35 wp-block-group-is-layout-constrained\" style=\"background-color:#e8e9e9;margin-top:0;margin-bottom:0;padding-top:var(--wp--preset--spacing--50);padding-right:var(--wp--preset--spacing--50);padding-bottom:var(--wp--preset--spacing--50);padding-left:var(--wp--preset--spacing--50)\">\n<div class=\"wp-block-columns alignwide is-layout-flex wp-container-core-columns-is-layout-1da03c2a wp-block-columns-is-layout-flex\">\n<div class=\"wp-block-column is-vertically-aligned-center is-layout-flow wp-block-column-is-layout-flow\" style=\"flex-basis:60%\">\n<figure class=\"wp-block-image size-full is-style-default wp-duotone-unset-1\"><img loading=\"lazy\" decoding=\"async\" width=\"2560\" height=\"1387\" src=\"https:\/\/events.xn--salvia-gebudetechnik-kzb.de\/wp-content\/uploads\/2025\/09\/SEMICON_Innenwand-scaled.png\" alt=\"\" class=\"wp-image-286\" srcset=\"https:\/\/events.xn--salvia-gebudetechnik-kzb.de\/wp-content\/uploads\/2025\/09\/SEMICON_Innenwand-scaled.png 2560w, https:\/\/events.xn--salvia-gebudetechnik-kzb.de\/wp-content\/uploads\/2025\/09\/SEMICON_Innenwand-300x163.png 300w, https:\/\/events.xn--salvia-gebudetechnik-kzb.de\/wp-content\/uploads\/2025\/09\/SEMICON_Innenwand-1024x555.png 1024w, https:\/\/events.xn--salvia-gebudetechnik-kzb.de\/wp-content\/uploads\/2025\/09\/SEMICON_Innenwand-768x416.png 768w, https:\/\/events.xn--salvia-gebudetechnik-kzb.de\/wp-content\/uploads\/2025\/09\/SEMICON_Innenwand-1536x832.png 1536w, https:\/\/events.xn--salvia-gebudetechnik-kzb.de\/wp-content\/uploads\/2025\/09\/SEMICON_Innenwand-2048x1109.png 2048w\" sizes=\"auto, (max-width: 2560px) 100vw, 2560px\" \/><\/figure>\n<\/div>\n\n\n\n<div class=\"wp-block-column is-vertically-aligned-center is-layout-flow wp-block-column-is-layout-flow\" style=\"flex-basis:40%\">\n<h2 class=\"wp-block-heading\">Invitation to a coffee at Semicon!<\/h2>\n\n\n\n<p>The SEMICON Europe in Munich is one of the largest international trade fairs for semiconductor products, materials, and services.<br><strong>Visit us: Hall C1, Booth 155.<\/strong><\/p>\n\n\n\n<div class=\"wp-block-group is-horizontal is-content-justification-left is-layout-flex wp-container-core-group-is-layout-a86bb09c wp-block-group-is-layout-flex\">\n<div class=\"wp-block-buttons is-layout-flex wp-block-buttons-is-layout-flex\">\n<div class=\"wp-block-button\"><a class=\"wp-block-button__link has-background wp-element-button\" href=\"#Team\" style=\"border-style:none;border-width:0px;border-radius:100px;background-color:#003459\"><strong>team<\/strong><\/a><\/div>\n<\/div>\n\n\n\n<div class=\"wp-block-buttons is-layout-flex wp-block-buttons-is-layout-flex\">\n<div class=\"wp-block-button\"><a class=\"wp-block-button__link has-background wp-element-button\" href=\"#Termin\" style=\"border-style:none;border-width:0px;border-radius:100px;background-color:#003459\"><strong>meet<\/strong><\/a><\/div>\n<\/div>\n\n\n\n<div class=\"wp-block-buttons is-layout-flex wp-block-buttons-is-layout-flex\">\n<div class=\"wp-block-button\"><a class=\"wp-block-button__link has-background wp-element-button\" href=\"#Weinprobe\" style=\"border-style:none;border-width:0px;border-radius:100px;background-color:#003459\"><strong>party<\/strong><\/a><\/div>\n<\/div>\n<\/div>\n<\/div>\n<\/div>\n<\/div>\n\n\n\n<div class=\"wp-block-columns alignwide is-layout-flex wp-container-core-columns-is-layout-1da03c2a wp-block-columns-is-layout-flex\">\n<div class=\"wp-block-column is-vertically-aligned-center is-layout-flow wp-block-column-is-layout-flow\" style=\"flex-basis:60%\">\n<div class=\"wp-block-group is-vertical is-content-justification-center is-layout-flex wp-container-core-group-is-layout-ce155fab wp-block-group-is-layout-flex\">\n<h2 class=\"wp-block-heading has-text-align-left has-xx-large-font-size\" id=\"Team\">Our team on site is looking forward to seeing you!<\/h2>\n\n\n\n<p class=\"has-text-align-left\">Salvia is appearing alongside IFT. IFT (international facility technologies) is part of Salvia Geb\u00e4udetechnik and specializes in the industrial sector. It focuses on the automotive and semiconductor industries, hospitals, IT and data centers, and the solar, battery, and pharmaceutical industries.<\/p>\n<\/div>\n<\/div>\n\n\n\n<div class=\"wp-block-column is-vertically-aligned-center is-layout-flow wp-block-column-is-layout-flow\" style=\"flex-basis:40%\">\n<figure class=\"wp-block-image alignright size-large is-resized\"><img loading=\"lazy\" decoding=\"async\" width=\"1024\" height=\"348\" src=\"https:\/\/events.xn--salvia-gebudetechnik-kzb.de\/wp-content\/uploads\/2025\/07\/2025_Logo_Salvia_Gebaeudetechnik-1024x348.png\" alt=\"\" class=\"wp-image-41\" style=\"width:auto;height:100px\" srcset=\"https:\/\/events.xn--salvia-gebudetechnik-kzb.de\/wp-content\/uploads\/2025\/07\/2025_Logo_Salvia_Gebaeudetechnik-1024x348.png 1024w, https:\/\/events.xn--salvia-gebudetechnik-kzb.de\/wp-content\/uploads\/2025\/07\/2025_Logo_Salvia_Gebaeudetechnik-300x102.png 300w, https:\/\/events.xn--salvia-gebudetechnik-kzb.de\/wp-content\/uploads\/2025\/07\/2025_Logo_Salvia_Gebaeudetechnik-768x261.png 768w, https:\/\/events.xn--salvia-gebudetechnik-kzb.de\/wp-content\/uploads\/2025\/07\/2025_Logo_Salvia_Gebaeudetechnik-1536x521.png 1536w, https:\/\/events.xn--salvia-gebudetechnik-kzb.de\/wp-content\/uploads\/2025\/07\/2025_Logo_Salvia_Gebaeudetechnik.png 1573w\" sizes=\"auto, (max-width: 1024px) 100vw, 1024px\" \/><\/figure>\n\n\n\n<div style=\"height:30px\" aria-hidden=\"true\" class=\"wp-block-spacer\"><\/div>\n\n\n\n<figure class=\"wp-block-image alignright size-large is-resized\"><img loading=\"lazy\" decoding=\"async\" width=\"1024\" height=\"546\" src=\"https:\/\/events.xn--salvia-gebudetechnik-kzb.de\/wp-content\/uploads\/2025\/07\/Logo_IFT-Partner-1024x546.png\" alt=\"\" class=\"wp-image-40\" style=\"width:auto;height:100px\" srcset=\"https:\/\/events.xn--salvia-gebudetechnik-kzb.de\/wp-content\/uploads\/2025\/07\/Logo_IFT-Partner-1024x546.png 1024w, https:\/\/events.xn--salvia-gebudetechnik-kzb.de\/wp-content\/uploads\/2025\/07\/Logo_IFT-Partner-300x160.png 300w, https:\/\/events.xn--salvia-gebudetechnik-kzb.de\/wp-content\/uploads\/2025\/07\/Logo_IFT-Partner-768x410.png 768w, https:\/\/events.xn--salvia-gebudetechnik-kzb.de\/wp-content\/uploads\/2025\/07\/Logo_IFT-Partner-1536x819.png 1536w, https:\/\/events.xn--salvia-gebudetechnik-kzb.de\/wp-content\/uploads\/2025\/07\/Logo_IFT-Partner-2048x1093.png 2048w\" sizes=\"auto, (max-width: 1024px) 100vw, 1024px\" \/><\/figure>\n<\/div>\n<\/div>\n\n\n\n<div class=\"wp-block-group alignfull has-global-padding is-layout-constrained wp-container-core-group-is-layout-669513ed wp-block-group-is-layout-constrained\" style=\"margin-top:0;margin-bottom:0;padding-top:var(--wp--preset--spacing--50);padding-right:var(--wp--preset--spacing--50);padding-bottom:var(--wp--preset--spacing--50);padding-left:var(--wp--preset--spacing--50)\">\n<div style=\"height:0px\" aria-hidden=\"true\" class=\"wp-block-spacer\"><\/div>\n\n\n\n<div class=\"wp-block-columns alignwide is-layout-flex wp-container-core-columns-is-layout-4935966c wp-block-columns-is-layout-flex\" style=\"padding-right:0;padding-left:0\">\n<div class=\"wp-block-column is-layout-flow wp-block-column-is-layout-flow\">\n<figure class=\"wp-block-image size-full is-style-default wp-duotone-duotone-1\"><img loading=\"lazy\" decoding=\"async\" width=\"500\" height=\"500\" src=\"https:\/\/events.xn--salvia-gebudetechnik-kzb.de\/wp-content\/uploads\/2025\/09\/Christian-Loh-v3.png\" alt=\"\" class=\"wp-image-280\" style=\"aspect-ratio:1;object-fit:cover\" srcset=\"https:\/\/events.xn--salvia-gebudetechnik-kzb.de\/wp-content\/uploads\/2025\/09\/Christian-Loh-v3.png 500w, https:\/\/events.xn--salvia-gebudetechnik-kzb.de\/wp-content\/uploads\/2025\/09\/Christian-Loh-v3-300x300.png 300w, https:\/\/events.xn--salvia-gebudetechnik-kzb.de\/wp-content\/uploads\/2025\/09\/Christian-Loh-v3-150x150.png 150w\" sizes=\"auto, (max-width: 500px) 100vw, 500px\" \/><\/figure>\n\n\n\n<div class=\"wp-block-group is-vertical is-content-justification-center is-nowrap is-layout-flex wp-container-core-group-is-layout-63bfd6c1 wp-block-group-is-layout-flex\">\n<p class=\"has-text-align-center has-small-font-size\"><strong><strong>Christian Loh<\/strong><\/strong><\/p>\n<\/div>\n<\/div>\n\n\n\n<div class=\"wp-block-column is-layout-flow wp-block-column-is-layout-flow\">\n<figure class=\"wp-block-image size-full is-style-default wp-duotone-duotone-1\"><img loading=\"lazy\" decoding=\"async\" width=\"500\" height=\"500\" src=\"https:\/\/events.xn--salvia-gebudetechnik-kzb.de\/wp-content\/uploads\/2025\/09\/Franco-Volpicella-v3.png\" alt=\"\" class=\"wp-image-281\" style=\"aspect-ratio:1;object-fit:cover\" srcset=\"https:\/\/events.xn--salvia-gebudetechnik-kzb.de\/wp-content\/uploads\/2025\/09\/Franco-Volpicella-v3.png 500w, https:\/\/events.xn--salvia-gebudetechnik-kzb.de\/wp-content\/uploads\/2025\/09\/Franco-Volpicella-v3-300x300.png 300w, https:\/\/events.xn--salvia-gebudetechnik-kzb.de\/wp-content\/uploads\/2025\/09\/Franco-Volpicella-v3-150x150.png 150w\" sizes=\"auto, (max-width: 500px) 100vw, 500px\" \/><\/figure>\n\n\n\n<div class=\"wp-block-group is-vertical is-content-justification-center is-nowrap is-layout-flex wp-container-core-group-is-layout-63bfd6c1 wp-block-group-is-layout-flex\">\n<p class=\"has-text-align-center has-small-font-size\"><strong><strong>Franco Volpicella<\/strong><\/strong><\/p>\n<\/div>\n<\/div>\n\n\n\n<div class=\"wp-block-column is-layout-flow wp-block-column-is-layout-flow\">\n<figure class=\"wp-block-image size-full is-style-default wp-duotone-duotone-1\"><img loading=\"lazy\" decoding=\"async\" width=\"500\" height=\"500\" src=\"https:\/\/events.xn--salvia-gebudetechnik-kzb.de\/wp-content\/uploads\/2025\/10\/Alexander-Friedl-Semicon-v4.png\" alt=\"\" class=\"wp-image-307\" style=\"aspect-ratio:1;object-fit:cover\" srcset=\"https:\/\/events.xn--salvia-gebudetechnik-kzb.de\/wp-content\/uploads\/2025\/10\/Alexander-Friedl-Semicon-v4.png 500w, https:\/\/events.xn--salvia-gebudetechnik-kzb.de\/wp-content\/uploads\/2025\/10\/Alexander-Friedl-Semicon-v4-300x300.png 300w, https:\/\/events.xn--salvia-gebudetechnik-kzb.de\/wp-content\/uploads\/2025\/10\/Alexander-Friedl-Semicon-v4-150x150.png 150w, https:\/\/events.xn--salvia-gebudetechnik-kzb.de\/wp-content\/uploads\/2025\/10\/Alexander-Friedl-Semicon-v4-12x12.png 12w\" sizes=\"auto, (max-width: 500px) 100vw, 500px\" \/><\/figure>\n\n\n\n<div class=\"wp-block-group is-vertical is-content-justification-center is-nowrap is-layout-flex wp-container-core-group-is-layout-63bfd6c1 wp-block-group-is-layout-flex\">\n<p class=\"has-text-align-center has-small-font-size\"><strong><strong>Alexander Friedl<\/strong><\/strong><\/p>\n<\/div>\n<\/div>\n\n\n\n<div class=\"wp-block-column is-layout-flow wp-block-column-is-layout-flow\">\n<figure class=\"wp-block-image size-full is-style-default wp-duotone-duotone-1\"><img loading=\"lazy\" decoding=\"async\" width=\"500\" height=\"500\" src=\"https:\/\/events.xn--salvia-gebudetechnik-kzb.de\/wp-content\/uploads\/2025\/09\/Sebastian-Schneider-Semicon-v3.png\" alt=\"\" class=\"wp-image-283\" style=\"aspect-ratio:1;object-fit:cover\" srcset=\"https:\/\/events.xn--salvia-gebudetechnik-kzb.de\/wp-content\/uploads\/2025\/09\/Sebastian-Schneider-Semicon-v3.png 500w, https:\/\/events.xn--salvia-gebudetechnik-kzb.de\/wp-content\/uploads\/2025\/09\/Sebastian-Schneider-Semicon-v3-300x300.png 300w, https:\/\/events.xn--salvia-gebudetechnik-kzb.de\/wp-content\/uploads\/2025\/09\/Sebastian-Schneider-Semicon-v3-150x150.png 150w\" sizes=\"auto, (max-width: 500px) 100vw, 500px\" \/><\/figure>\n\n\n\n<div class=\"wp-block-group is-vertical is-content-justification-center is-nowrap is-layout-flex wp-container-core-group-is-layout-21d4e958 wp-block-group-is-layout-flex\">\n<p class=\"has-text-align-center has-small-font-size\"><strong><strong>Sebastian Schneider<\/strong><\/strong><\/p>\n<\/div>\n<\/div>\n\n\n\n<div class=\"wp-block-column is-layout-flow wp-block-column-is-layout-flow\">\n<figure class=\"wp-block-image size-full is-style-default wp-duotone-duotone-1\"><img loading=\"lazy\" decoding=\"async\" width=\"500\" height=\"500\" src=\"https:\/\/events.xn--salvia-gebudetechnik-kzb.de\/wp-content\/uploads\/2025\/09\/Marco-Vogel-Semicon-v3.png\" alt=\"\" class=\"wp-image-279\" style=\"aspect-ratio:1;object-fit:cover\" srcset=\"https:\/\/events.xn--salvia-gebudetechnik-kzb.de\/wp-content\/uploads\/2025\/09\/Marco-Vogel-Semicon-v3.png 500w, https:\/\/events.xn--salvia-gebudetechnik-kzb.de\/wp-content\/uploads\/2025\/09\/Marco-Vogel-Semicon-v3-300x300.png 300w, https:\/\/events.xn--salvia-gebudetechnik-kzb.de\/wp-content\/uploads\/2025\/09\/Marco-Vogel-Semicon-v3-150x150.png 150w\" sizes=\"auto, (max-width: 500px) 100vw, 500px\" \/><\/figure>\n\n\n\n<div class=\"wp-block-group is-vertical is-content-justification-center is-nowrap is-layout-flex wp-container-core-group-is-layout-63bfd6c1 wp-block-group-is-layout-flex\">\n<p class=\"has-text-align-center has-small-font-size\"><strong><strong>Marco Vogel<\/strong><\/strong><\/p>\n<\/div>\n<\/div>\n\n\n\n<div class=\"wp-block-column is-layout-flow wp-block-column-is-layout-flow\">\n<figure class=\"wp-block-image size-full is-style-default wp-duotone-duotone-1\"><img loading=\"lazy\" decoding=\"async\" width=\"500\" height=\"500\" src=\"https:\/\/events.xn--salvia-gebudetechnik-kzb.de\/wp-content\/uploads\/2025\/09\/Robby-Ortmann-Semicon-v3.png\" alt=\"\" class=\"wp-image-282\" style=\"aspect-ratio:1;object-fit:cover\" srcset=\"https:\/\/events.xn--salvia-gebudetechnik-kzb.de\/wp-content\/uploads\/2025\/09\/Robby-Ortmann-Semicon-v3.png 500w, https:\/\/events.xn--salvia-gebudetechnik-kzb.de\/wp-content\/uploads\/2025\/09\/Robby-Ortmann-Semicon-v3-300x300.png 300w, https:\/\/events.xn--salvia-gebudetechnik-kzb.de\/wp-content\/uploads\/2025\/09\/Robby-Ortmann-Semicon-v3-150x150.png 150w\" sizes=\"auto, (max-width: 500px) 100vw, 500px\" \/><\/figure>\n\n\n\n<div class=\"wp-block-group is-vertical is-content-justification-center is-nowrap is-layout-flex wp-container-core-group-is-layout-63bfd6c1 wp-block-group-is-layout-flex\">\n<p class=\"has-text-align-center has-small-font-size\"><strong><strong>Robby Ortmann<\/strong><\/strong><\/p>\n<\/div>\n<\/div>\n<\/div>\n<\/div>\n\n\n\n<div class=\"wp-block-group alignfull has-custom-salvia-orange-background-color has-text-color has-background is-layout-flow wp-block-group-is-layout-flow\" style=\"color:#000000\">\n<div style=\"height:64px\" aria-hidden=\"true\" class=\"wp-block-spacer\"><\/div>\n\n\n\n<p class=\"has-text-align-center has-custom-salvia-blau-color has-text-color has-link-color has-small-font-size wp-elements-5b34bb32de5d033af15a84e582ec6d26\" id=\"Termin\" style=\"line-height:.9\"><strong>Meet us for a coffee<\/strong><\/p>\n\n\n\n<h2 class=\"wp-block-heading has-text-align-center is-style-default\" style=\"padding-right:var(--wp--preset--spacing--60);padding-left:var(--wp--preset--spacing--60);font-size:clamp(32.969px, 2.061rem + ((1vw - 3.2px) * 2.712), 59px);px;line-height:1.15\"><strong>Book an appointment &amp;<\/strong><br><strong>meet us in person<\/strong><\/h2>\n\n\n\n<p class=\"has-text-align-center\" style=\"padding-right:var(--wp--preset--spacing--60);padding-left:var(--wp--preset--spacing--60)\">As much as we enjoy spontaneous visits, we don't want to miss you! So let's make an appointment in advance and we'll set aside time for a detailed discussion and, of course, make sure there's plenty of coffee. Simply send the pre-filled email using the button and we'll get back to you shortly with an appointment reservation. Alternatively, you can also send us an email: messe@salvia-gbt.com.<\/p>\n\n\n\n<div class=\"wp-block-buttons is-horizontal is-content-justification-center is-layout-flex wp-container-core-buttons-is-layout-03627597 wp-block-buttons-is-layout-flex\">\n<div class=\"wp-block-button\"><a class=\"wp-block-button__link has-custom-salvia-blau-color has-base-2-background-color has-text-color has-background has-medium-font-size has-custom-font-size wp-element-button\" href=\"mailto:messe@salvia-gbt.com?subject=Termin%20buchen%20%7C%20Semicon%202025&amp;body=Liebes%20Salvia%20Team,%0D%0A%0D%0Agerne%20m%C3%B6chte%20ich%20Sie%20auf%20der%20Semicon%20treffen.%0D%0A%0D%0ABitte%20kontaktieren%20Sie%20mich,%20um%20einen%20Termin%20zu%20vereinbaren.%0D%0A%0D%0ABeste%20Gr%C3%BC%C3%9Fe%0D%0A%0D%0A%0D%0A%0D%0A%0D%0ADear%20Salvia%20Team,%0D%0A%0D%0AI%20would%20like%20to%20meet%20you%20at%20Semicon.%0D%0A%0D%0APlease%20contact%20me%20to%20arrange%20an%20appointment.%0D%0A%0D%0ABest%20regards\" style=\"border-radius:50px\"><strong>book appointment<\/strong><\/a><\/div>\n<\/div>\n\n\n\n<div style=\"height:64px\" aria-hidden=\"true\" class=\"wp-block-spacer\"><\/div>\n<\/div>\n\n\n\n<div style=\"height:64px\" aria-hidden=\"true\" class=\"wp-block-spacer\"><\/div>\n\n\n\n<div class=\"wp-block-group alignfull has-background has-global-padding is-layout-constrained wp-container-core-group-is-layout-d89aad35 wp-block-group-is-layout-constrained\" style=\"background-color:#e8e9e9;margin-top:0;margin-bottom:0;padding-top:var(--wp--preset--spacing--50);padding-right:var(--wp--preset--spacing--50);padding-bottom:var(--wp--preset--spacing--50);padding-left:var(--wp--preset--spacing--50)\">\n<div class=\"wp-block-columns alignwide is-layout-flex wp-container-core-columns-is-layout-1da03c2a wp-block-columns-is-layout-flex\">\n<div class=\"wp-block-column is-vertically-aligned-center is-layout-flow wp-block-column-is-layout-flow\" style=\"flex-basis:60%\">\n<figure class=\"wp-block-image size-full is-style-default wp-duotone-duotone-1\"><img loading=\"lazy\" decoding=\"async\" width=\"1920\" height=\"1280\" src=\"https:\/\/events.xn--salvia-gebudetechnik-kzb.de\/wp-content\/uploads\/2025\/07\/Weinprobe-After-Party-Semicon.jpg\" alt=\"\" class=\"wp-image-130\" srcset=\"https:\/\/events.xn--salvia-gebudetechnik-kzb.de\/wp-content\/uploads\/2025\/07\/Weinprobe-After-Party-Semicon.jpg 1920w, https:\/\/events.xn--salvia-gebudetechnik-kzb.de\/wp-content\/uploads\/2025\/07\/Weinprobe-After-Party-Semicon-300x200.jpg 300w, https:\/\/events.xn--salvia-gebudetechnik-kzb.de\/wp-content\/uploads\/2025\/07\/Weinprobe-After-Party-Semicon-1024x683.jpg 1024w, https:\/\/events.xn--salvia-gebudetechnik-kzb.de\/wp-content\/uploads\/2025\/07\/Weinprobe-After-Party-Semicon-768x512.jpg 768w, https:\/\/events.xn--salvia-gebudetechnik-kzb.de\/wp-content\/uploads\/2025\/07\/Weinprobe-After-Party-Semicon-1536x1024.jpg 1536w\" sizes=\"auto, (max-width: 1920px) 100vw, 1920px\" \/><figcaption class=\"wp-element-caption\">foto credits: <a href=\"https:\/\/unsplash.com\/de\/@danhk111296?utm_content=creditCopyText&amp;utm_medium=referral&amp;utm_source=unsplash\">Khuc Le Thanh Danh<\/a> on <a href=\"https:\/\/unsplash.com\/de\/fotos\/eine-gruppe-von-menschen-mit-weinglasern-0vRD6DvM5hw?utm_content=creditCopyText&amp;utm_medium=referral&amp;utm_source=unsplash\">Unsplash<\/a><\/figcaption><\/figure>\n<\/div>\n\n\n\n<div class=\"wp-block-column is-vertically-aligned-center is-layout-flow wp-block-column-is-layout-flow\" style=\"flex-basis:40%\">\n<h2 class=\"wp-block-heading\" id=\"Weinprobe\">Invitation to a get-together<\/h2>\n\n\n\n<p><strong>When: <\/strong>November 18, 2025, starting at 6:00 p.m.<\/p>\n\n\n\n<p><strong>Wo: <\/strong>An unserem Messestand, Halle C1, Stand 155<\/p>\n\n\n\n<p><strong>We look forward to seeing you!<\/strong><\/p>\n<\/div>\n<\/div>\n<\/div>","protected":false},"excerpt":{"rendered":"<p>Einladung Zu eineM Kaffee auf der Semicon! Die SEMICON Europe in M\u00fcnchen ist eine der gr\u00f6\u00dften internationalen Fachmessen f\u00fcr Halbleiterprodukte, -materialien und -dienstleistungen in Europa.Besuchen Sie uns: Halle C1, Stand 155. Unser Team vor Ort freut sich auf sie! Salvia tritt zusammen mit der IFT auf. Die IFT (international facility technologies) geh\u00f6rt zur Salvia Geb\u00e4udetechnik [&hellip;]<\/p>","protected":false},"author":2,"featured_media":286,"parent":0,"menu_order":0,"comment_status":"closed","ping_status":"closed","template":"page-no-title","meta":{"footnotes":""},"class_list":["post-199","page","type-page","status-publish","has-post-thumbnail","hentry"],"_links":{"self":[{"href":"https:\/\/events.xn--salvia-gebudetechnik-kzb.de\/en\/wp-json\/wp\/v2\/pages\/199","targetHints":{"allow":["GET"]}}],"collection":[{"href":"https:\/\/events.xn--salvia-gebudetechnik-kzb.de\/en\/wp-json\/wp\/v2\/pages"}],"about":[{"href":"https:\/\/events.xn--salvia-gebudetechnik-kzb.de\/en\/wp-json\/wp\/v2\/types\/page"}],"author":[{"embeddable":true,"href":"https:\/\/events.xn--salvia-gebudetechnik-kzb.de\/en\/wp-json\/wp\/v2\/users\/2"}],"replies":[{"embeddable":true,"href":"https:\/\/events.xn--salvia-gebudetechnik-kzb.de\/en\/wp-json\/wp\/v2\/comments?post=199"}],"version-history":[{"count":89,"href":"https:\/\/events.xn--salvia-gebudetechnik-kzb.de\/en\/wp-json\/wp\/v2\/pages\/199\/revisions"}],"predecessor-version":[{"id":328,"href":"https:\/\/events.xn--salvia-gebudetechnik-kzb.de\/en\/wp-json\/wp\/v2\/pages\/199\/revisions\/328"}],"wp:featuredmedia":[{"embeddable":true,"href":"https:\/\/events.xn--salvia-gebudetechnik-kzb.de\/en\/wp-json\/wp\/v2\/media\/286"}],"wp:attachment":[{"href":"https:\/\/events.xn--salvia-gebudetechnik-kzb.de\/en\/wp-json\/wp\/v2\/media?parent=199"}],"curies":[{"name":"wp","href":"https:\/\/api.w.org\/{rel}","templated":true}]}}